{"id":541,"date":"2024-05-17T09:41:55","date_gmt":"2024-05-17T07:41:55","guid":{"rendered":"https:\/\/www.philippeseguin.fr\/collections\/"},"modified":"2026-03-18T10:29:22","modified_gmt":"2026-03-18T09:29:22","slug":"expositions","status":"publish","type":"page","link":"https:\/\/www.philippeseguin.fr\/en\/expositions\/","title":{"rendered":"Exhibitions"},"content":{"rendered":"<div data-elementor-type=\"wp-page\" data-elementor-id=\"541\" class=\"elementor elementor-541\" data-elementor-post-type=\"page\">\n\t\t\t\t<div class=\"elementor-element elementor-element-2620dc4 e-flex e-con-boxed e-con e-parent\" data-id=\"2620dc4\" data-element_type=\"container\">\n\t\t\t\t\t<div class=\"e-con-inner\">\n\t\t\t\t<div class=\"elementor-element elementor-element-4c151ea elementor-widget elementor-widget-heading\" data-id=\"4c151ea\" data-element_type=\"widget\" data-widget_type=\"heading.default\">\n\t\t\t\t<div class=\"elementor-widget-container\">\n\t\t\t<style>\/*! elementor - v3.21.0 - 08-05-2024 *\/\n.elementor-heading-title{padding:0;margin:0;line-height:1}.elementor-widget-heading .elementor-heading-title[class*=elementor-size-]>a{color:inherit;font-size:inherit;line-height:inherit}.elementor-widget-heading .elementor-heading-title.elementor-size-small{font-size:15px}.elementor-widget-heading .elementor-heading-title.elementor-size-medium{font-size:19px}.elementor-widget-heading .elementor-heading-title.elementor-size-large{font-size:29px}.elementor-widget-heading .elementor-heading-title.elementor-size-xl{font-size:39px}.elementor-widget-heading .elementor-heading-title.elementor-size-xxl{font-size:59px}<\/style><h1 class=\"elementor-heading-title elementor-size-default\">Exhibitions<\/h1>\t\t<\/div>\n\t\t\t\t<\/div>\n\t\t\t\t<div class=\"elementor-element elementor-element-d4a87c3 elementor-widget elementor-widget-text-editor\" data-id=\"d4a87c3\" data-element_type=\"widget\" data-widget_type=\"text-editor.default\">\n\t\t\t\t<div class=\"elementor-widget-container\">\n\t\t\t<style>\/*! elementor - v3.21.0 - 08-05-2024 *\/\n.elementor-widget-text-editor.elementor-drop-cap-view-stacked .elementor-drop-cap{background-color:#69727d;color:#fff}.elementor-widget-text-editor.elementor-drop-cap-view-framed .elementor-drop-cap{color:#69727d;border:3px solid;background-color:transparent}.elementor-widget-text-editor:not(.elementor-drop-cap-view-default) .elementor-drop-cap{margin-top:8px}.elementor-widget-text-editor:not(.elementor-drop-cap-view-default) .elementor-drop-cap-letter{width:1em;height:1em}.elementor-widget-text-editor .elementor-drop-cap{float:left;text-align:center;line-height:1;font-size:50px}.elementor-widget-text-editor .elementor-drop-cap-letter{display:inline-block}<\/style>\t\t\t\t<p><em>Principales expositions personnelles :<\/em><\/p><p>2021, 2023, 2025 &#8211; Galerie les Dominicains, Nice<br \/>2020 &#8211; Association AMA*, Salon-de-Provence (Bouches-du-Rh\u00f4ne)<br \/>2012 &#8211; Art &amp; Terre du Santerre, Davenescourt (Somme)<br \/>2010 &#8211; Galerie municipale de Lanrodec (C\u00f4tes d\u2019Armor)<br \/>2008 &#8211; Chapelle Bonne Nouvelle, Melgven (Finist\u00e8re) en partenariat avec l&rsquo;Atelier d&rsquo;Etienne, espace d&rsquo;art contemporain de Pont-Scorff<br \/>2007 &#8211; M\u00e9diath\u00e8que Le Cap, Pl\u00e9rin (C\u00f4tes d&rsquo;Armor)<br \/>1997 &#8211; Galerie l&rsquo;Aquarelle, Grez-Neuville (Maine-et-Loire)<br \/>1995 &#8211; Centre Jacques Pr\u00e9vert, Montreuil-Juign\u00e9 (Maine-et-Loire)<br \/>1993 &#8211; Association AMA*, Marseille<\/p><p><em>* The Aix association A.M.A. aimed to raise awareness of contemporary art through exhibition circuits in public places of important local artists (Garouste, Jourdan, Melot, Rocherieux, Tibouchi, Valverde, Yassef, etc.)<\/em><\/p>\t\t\t\t\t\t<\/div>\n\t\t\t\t<\/div>\n\t\t\t\t<div class=\"elementor-element elementor-element-eb2a822 elementor-widget elementor-widget-text-editor\" data-id=\"eb2a822\" data-element_type=\"widget\" data-widget_type=\"text-editor.default\">\n\t\t\t\t<div class=\"elementor-widget-container\">\n\t\t\t\t\t\t\t<p><em>Principales expositions collectives : <\/em><\/p><p>2026 &#8211; Espace Miramar, Cannes (Alpes Maritimes)<br \/>2025 &#8211; Espace Mondrian, Cannes (Alpes Maritimes)<br \/>2025 &#8211; Festival New Art, Lourmarin (Vaucluse)<br \/>2024 &#8211; Galerie Louiseart, La Ciotat (Bouches-du-Rh\u00f4ne)<br \/>2012 &#8211; Grand march\u00e9 d\u2019art contemporain (GMAC), Paris<br \/>2011 &#8211; Terre Art\u2019Air, Pl\u00e9rin (Cotes d\u2019Armor)<br \/>2009 &#8211; 4<sup>\u00e8me<\/sup> biennale armoricaine d&rsquo;art vivant contemporain (C\u00f4tes d&rsquo;Armor)<br \/>2009 \u2013 Paysages habit\u00e9s, mus\u00e9e de Saint-Brieuc (C\u00f4tes d\u2019Armor)<br \/>2009 \u2013 Mus\u00e9e de la Briqueterie, Langueux (C\u00f4tes d\u2019Armor)<br \/>2008 \u2013 Mus\u00e9e de Warmie et Mazurie, Olsztyn (Pologne)<br \/>2007 \u2013 Courants d\u2019art au ch\u00e2teau de la Roche-Jagu, Plo\u00ebzal (C\u00f4tes d\u2019Armor)<br \/>2005 &#8211; 2<sup>\u00e8me<\/sup> biennale armoricaine d&rsquo;art vivant contemporain (C\u00f4tes d&rsquo;Armor)<br \/>1991, 1992 &#8211; Galerie Parall\u00e8le, Aix-en-Provence<\/p>\t\t\t\t\t\t<\/div>\n\t\t\t\t<\/div>\n\t\t\t\t<div class=\"elementor-element elementor-element-c97b86f elementor-widget elementor-widget-text-editor\" data-id=\"c97b86f\" data-element_type=\"widget\" data-widget_type=\"text-editor.default\">\n\t\t\t\t<div class=\"elementor-widget-container\">\n\t\t\t\t\t\t\t<p><strong>REPRESENTATION<\/strong><em><strong><br \/><\/strong><\/em>Galerie Divet, Rennes<\/p><p><strong>COLLECTIONS<\/strong><em><br \/><\/em>Publique (Conseil d\u00e9partemental des C\u00f4tes d\u2019Armor), priv\u00e9e (France, Canada, Etats-Unis, Grande-Bretagne, Pays-Bas)<\/p><p><strong>PUBLICATIONS<br \/><\/strong>Alexander Belokurov, Chlo\u00e9 D\u00e9chelette, Matthew Griffiths, Guy Halpern, Philippe Seguin, Alexander Zinke, 2024: A shared water culture between the European Union and the Countries of the Eastern Neighbourhood, Water International<br \/>Water availability, surface water quality and water use in the Eastern Partnership countries, European Environment Agency, 2020 (contributing author)<br \/>Towards Water Security in Belarus: A Synthesis Report, OECD Studies on Water, OECD Publishing, Paris, 2020 (contributing author)<br \/>Philippe Seguin : Gratter la terre et r\u00e9colter des dessins, 2010 &#8211; reportage de Christian Saquet, TV-Tr\u00e9gor<br \/>Philippe Seguin, 2009 : Comprendre et r\u00e9duire les mar\u00e9es vertes en Bretagne &#8211; Polypode n\u00b014, \u00e9t\u00e9-automne 2009<br \/>Le regard des autres, catalogue d&rsquo;exposition, 2009 &#8211; 4\u00e8me biennale armoricaine d&rsquo;art vivant contemporain (contribution)<br \/><em>In situ<\/em>, espaces v\u00e9cus, regards crois\u00e9s, catalogue d\u2019exposition, 2008 &#8211; Conseil d\u00e9partemental des C\u00f4tes d&rsquo;Armor, Mus\u00e9e de Warmie et Mazurie, Olsztyn (contribution)<br \/>Courants d\u2019art au ch\u00e2teau, catalogue d&rsquo;exposition, 2007 &#8211; Domaine d\u00e9partemental de la Roche Jagu (contribution)<br \/>Le regard des autres, catalogue d&rsquo;exposition, 2005 &#8211; 2\u00e8me biennale armoricaine d&rsquo;art vivant contemporain (contribution)<br \/>Philippe Seguin, 2002 : Ins\u00e9curit\u00e9 routi\u00e8re &#8211; Les Inrockuptibles n\u00b0 370, d\u00e9cembre 2002<br \/>Fran\u00e7ois Dubois de la Sabloni\u00e8re, Philippe Bolo, Philippe Seguin, 1999 : Apport d&rsquo;un syst\u00e8me d&rsquo;informations g\u00e9ographiques pour le zonage des risques de pollution par les produits phytosanitaires &#8211; Ing\u00e9nieries &#8211; EAT n\u00b0 18, juin 1999<br \/>Francis Barciet, Philippe Seguin, 1998\u00a0: La cartographie pour \u00e9viter la contamination des eaux souterraines &#8211; Poster pr\u00e9sent\u00e9 au colloque \u00ab agriculture et environnement \u00bb, Soci\u00e9t\u00e9 hydrotechnique de France, Paris, 18-19 novembre 1998<br \/>Francis Barciet, Christian Guyot, Philippe Seguin,194 : Cartographie des sols de vignoble en Champagne pour les recommandations d\u2019emploi de l\u2019aldicarbe &#8211; Phytoma La D\u00e9fense des v\u00e9g\u00e9taux n\u00b0 465, octobre 1994<\/p>\t\t\t\t\t\t<\/div>\n\t\t\t\t<\/div>\n\t\t\t\t\t<\/div>\n\t\t\t\t<\/div>\n\t\t\t\t<\/div>","protected":false},"excerpt":{"rendered":"<p>Expositions Principales expositions personnelles : 2021, 2023, 2025 &#8211; Galerie les Dominicains, Nice2020 &#8211; Association AMA*, Salon-de-Provence (Bouches-du-Rh\u00f4ne)2012 &#8211; Art &amp; Terre du Santerre, Davenescourt (Somme)2010 &#8211; Galerie municipale de Lanrodec (C\u00f4tes d\u2019Armor)2008 &#8211; Chapelle Bonne Nouvelle, Melgven (Finist\u00e8re) en partenariat avec l&rsquo;Atelier d&rsquo;Etienne, espace d&rsquo;art contemporain de Pont-Scorff2007 &#8211; M\u00e9diath\u00e8que Le Cap, Pl\u00e9rin (C\u00f4tes [&hellip;]<\/p>","protected":false},"author":1,"featured_media":0,"parent":0,"menu_order":0,"comment_status":"closed","ping_status":"closed","template":"","meta":{"site-sidebar-layout":"no-sidebar","site-content-layout":"page-builder","ast-site-content-layout":"full-width-container","site-content-style":"unboxed","site-sidebar-style":"unboxed","ast-global-header-display":"","ast-banner-title-visibility":"","ast-main-header-display":"","ast-hfb-above-header-display":"","ast-hfb-below-header-display":"","ast-hfb-mobile-header-display":"","site-post-title":"disabled","ast-breadcrumbs-content":"disabled","ast-featured-img":"disabled","footer-sml-layout":"","theme-transparent-header-meta":"default","adv-header-id-meta":"","stick-header-meta":"","header-above-stick-meta":"","header-main-stick-meta":"","header-below-stick-meta":"","astra-migrate-meta-layouts":"set","ast-page-background-enabled":"default","ast-page-background-meta":{"desktop":{"background-color":"","background-image":"","background-repeat":"repeat","background-position":"center center","background-size":"auto","background-attachment":"scroll","background-type":"","background-media":"","overlay-type":"","overlay-color":"","overlay-gradient":""},"tablet":{"background-color":"","background-image":"","background-repeat":"repeat","background-position":"center center","background-size":"auto","background-attachment":"scroll","background-type":"","background-media":"","overlay-type":"","overlay-color":"","overlay-gradient":""},"mobile":{"background-color":"","background-image":"","background-repeat":"repeat","background-position":"center center","background-size":"auto","background-attachment":"scroll","background-type":"","background-media":"","overlay-type":"","overlay-color":"","overlay-gradient":""}},"ast-content-background-meta":{"desktop":{"background-color":"var(--ast-global-color-5)","background-image":"","background-repeat":"repeat","background-position":"center center","background-size":"auto","background-attachment":"scroll","background-type":"","background-media":"","overlay-type":"","overlay-color":"","overlay-gradient":""},"tablet":{"background-color":"var(--ast-global-color-5)","background-image":"","background-repeat":"repeat","background-position":"center center","background-size":"auto","background-attachment":"scroll","background-type":"","background-media":"","overlay-type":"","overlay-color":"","overlay-gradient":""},"mobile":{"background-color":"var(--ast-global-color-5)","background-image":"","background-repeat":"repeat","background-position":"center center","background-size":"auto","background-attachment":"scroll","background-type":"","background-media":"","overlay-type":"","overlay-color":"","overlay-gradient":""}},"footnotes":""},"class_list":["post-541","page","type-page","status-publish","hentry"],"yoast_head":"<!-- This site is optimized with the Yoast SEO plugin v22.9 - https:\/\/yoast.com\/wordpress\/plugins\/seo\/ -->\n<title>Expositions - Philippe Seguin<\/title>\n<meta name=\"description\" content=\"Listes des expositions, repr\u00e9sentation, collections et publications pour en savoir plus sur Seguin.\" \/>\n<meta name=\"robots\" content=\"index, follow, max-snippet:-1, max-image-preview:large, max-video-preview:-1\" \/>\n<link rel=\"canonical\" href=\"https:\/\/www.philippeseguin.fr\/en\/expositions\/\" \/>\n<meta property=\"og:locale\" content=\"en_GB\" \/>\n<meta property=\"og:type\" content=\"article\" \/>\n<meta property=\"og:title\" content=\"Expositions - Philippe Seguin\" \/>\n<meta property=\"og:description\" content=\"Listes des expositions, repr\u00e9sentation, collections et publications pour en savoir plus sur Seguin.\" \/>\n<meta property=\"og:url\" content=\"https:\/\/www.philippeseguin.fr\/en\/expositions\/\" \/>\n<meta property=\"og:site_name\" content=\"Philippe Seguin\" \/>\n<meta property=\"article:publisher\" content=\"https:\/\/www.facebook.com\/philippe.seguin.9\" \/>\n<meta property=\"article:modified_time\" content=\"2026-03-18T09:29:22+00:00\" \/>\n<meta property=\"og:image\" content=\"https:\/\/www.philippeseguin.fr\/wp-content\/uploads\/2024\/06\/seguin-artiste-terrien.jpg\" \/>\n\t<meta property=\"og:image:width\" content=\"1200\" \/>\n\t<meta property=\"og:image:height\" content=\"675\" \/>\n\t<meta property=\"og:image:type\" content=\"image\/jpeg\" \/>\n<meta name=\"twitter:card\" content=\"summary_large_image\" \/>\n<meta name=\"twitter:label1\" content=\"Estimated reading time\" \/>\n\t<meta name=\"twitter:data1\" content=\"3 minutes\" \/>\n<script type=\"application\/ld+json\" class=\"yoast-schema-graph\">{\"@context\":\"https:\/\/schema.org\",\"@graph\":[{\"@type\":\"WebPage\",\"@id\":\"https:\/\/www.philippeseguin.fr\/expositions\/\",\"url\":\"https:\/\/www.philippeseguin.fr\/expositions\/\",\"name\":\"Expositions - Philippe Seguin\",\"isPartOf\":{\"@id\":\"https:\/\/www.philippeseguin.fr\/#website\"},\"datePublished\":\"2024-05-17T07:41:55+00:00\",\"dateModified\":\"2026-03-18T09:29:22+00:00\",\"description\":\"Listes des expositions, repr\u00e9sentation, collections et publications pour en savoir plus sur Seguin.\",\"breadcrumb\":{\"@id\":\"https:\/\/www.philippeseguin.fr\/expositions\/#breadcrumb\"},\"inLanguage\":\"en-GB\",\"potentialAction\":[{\"@type\":\"ReadAction\",\"target\":[\"https:\/\/www.philippeseguin.fr\/expositions\/\"]}]},{\"@type\":\"BreadcrumbList\",\"@id\":\"https:\/\/www.philippeseguin.fr\/expositions\/#breadcrumb\",\"itemListElement\":[{\"@type\":\"ListItem\",\"position\":1,\"name\":\"Accueil\",\"item\":\"https:\/\/www.philippeseguin.fr\/\"},{\"@type\":\"ListItem\",\"position\":2,\"name\":\"Expositions\"}]},{\"@type\":\"WebSite\",\"@id\":\"https:\/\/www.philippeseguin.fr\/#website\",\"url\":\"https:\/\/www.philippeseguin.fr\/\",\"name\":\"Philippe Seguin\",\"description\":\"Artiste terrien\",\"publisher\":{\"@id\":\"https:\/\/www.philippeseguin.fr\/#organization\"},\"potentialAction\":[{\"@type\":\"SearchAction\",\"target\":{\"@type\":\"EntryPoint\",\"urlTemplate\":\"https:\/\/www.philippeseguin.fr\/?s={search_term_string}\"},\"query-input\":\"required name=search_term_string\"}],\"inLanguage\":\"en-GB\"},{\"@type\":\"Organization\",\"@id\":\"https:\/\/www.philippeseguin.fr\/#organization\",\"name\":\"Philippe Seguin\",\"url\":\"https:\/\/www.philippeseguin.fr\/\",\"logo\":{\"@type\":\"ImageObject\",\"inLanguage\":\"en-GB\",\"@id\":\"https:\/\/www.philippeseguin.fr\/#\/schema\/logo\/image\/\",\"url\":\"https:\/\/www.philippeseguin.fr\/wp-content\/uploads\/2024\/05\/logo_seguin_V3-1.jpg\",\"contentUrl\":\"https:\/\/www.philippeseguin.fr\/wp-content\/uploads\/2024\/05\/logo_seguin_V3-1.jpg\",\"width\":250,\"height\":109,\"caption\":\"Philippe Seguin\"},\"image\":{\"@id\":\"https:\/\/www.philippeseguin.fr\/#\/schema\/logo\/image\/\"},\"sameAs\":[\"https:\/\/www.facebook.com\/philippe.seguin.9\",\"https:\/\/www.instagram.com\/atelierseguin\"]}]}<\/script>\n<!-- \/ Yoast SEO plugin. -->","yoast_head_json":{"title":"Expositions - Philippe Seguin","description":"Listes des expositions, repr\u00e9sentation, collections et publications pour en savoir plus sur Seguin.","robots":{"index":"index","follow":"follow","max-snippet":"max-snippet:-1","max-image-preview":"max-image-preview:large","max-video-preview":"max-video-preview:-1"},"canonical":"https:\/\/www.philippeseguin.fr\/en\/expositions\/","og_locale":"en_GB","og_type":"article","og_title":"Expositions - Philippe Seguin","og_description":"Listes des expositions, repr\u00e9sentation, collections et publications pour en savoir plus sur Seguin.","og_url":"https:\/\/www.philippeseguin.fr\/en\/expositions\/","og_site_name":"Philippe Seguin","article_publisher":"https:\/\/www.facebook.com\/philippe.seguin.9","article_modified_time":"2026-03-18T09:29:22+00:00","og_image":[{"width":1200,"height":675,"url":"https:\/\/www.philippeseguin.fr\/wp-content\/uploads\/2024\/06\/seguin-artiste-terrien.jpg","type":"image\/jpeg"}],"twitter_card":"summary_large_image","twitter_misc":{"Estimated reading time":"3 minutes"},"schema":{"@context":"https:\/\/schema.org","@graph":[{"@type":"WebPage","@id":"https:\/\/www.philippeseguin.fr\/expositions\/","url":"https:\/\/www.philippeseguin.fr\/expositions\/","name":"Expositions - Philippe Seguin","isPartOf":{"@id":"https:\/\/www.philippeseguin.fr\/#website"},"datePublished":"2024-05-17T07:41:55+00:00","dateModified":"2026-03-18T09:29:22+00:00","description":"Listes des expositions, repr\u00e9sentation, collections et publications pour en savoir plus sur Seguin.","breadcrumb":{"@id":"https:\/\/www.philippeseguin.fr\/expositions\/#breadcrumb"},"inLanguage":"en-GB","potentialAction":[{"@type":"ReadAction","target":["https:\/\/www.philippeseguin.fr\/expositions\/"]}]},{"@type":"BreadcrumbList","@id":"https:\/\/www.philippeseguin.fr\/expositions\/#breadcrumb","itemListElement":[{"@type":"ListItem","position":1,"name":"Accueil","item":"https:\/\/www.philippeseguin.fr\/"},{"@type":"ListItem","position":2,"name":"Expositions"}]},{"@type":"WebSite","@id":"https:\/\/www.philippeseguin.fr\/#website","url":"https:\/\/www.philippeseguin.fr\/","name":"Philippe Seguin","description":"Artiste terrien","publisher":{"@id":"https:\/\/www.philippeseguin.fr\/#organization"},"potentialAction":[{"@type":"SearchAction","target":{"@type":"EntryPoint","urlTemplate":"https:\/\/www.philippeseguin.fr\/?s={search_term_string}"},"query-input":"required name=search_term_string"}],"inLanguage":"en-GB"},{"@type":"Organization","@id":"https:\/\/www.philippeseguin.fr\/#organization","name":"Philippe Seguin","url":"https:\/\/www.philippeseguin.fr\/","logo":{"@type":"ImageObject","inLanguage":"en-GB","@id":"https:\/\/www.philippeseguin.fr\/#\/schema\/logo\/image\/","url":"https:\/\/www.philippeseguin.fr\/wp-content\/uploads\/2024\/05\/logo_seguin_V3-1.jpg","contentUrl":"https:\/\/www.philippeseguin.fr\/wp-content\/uploads\/2024\/05\/logo_seguin_V3-1.jpg","width":250,"height":109,"caption":"Philippe Seguin"},"image":{"@id":"https:\/\/www.philippeseguin.fr\/#\/schema\/logo\/image\/"},"sameAs":["https:\/\/www.facebook.com\/philippe.seguin.9","https:\/\/www.instagram.com\/atelierseguin"]}]}},"_links":{"self":[{"href":"https:\/\/www.philippeseguin.fr\/en\/wp-json\/wp\/v2\/pages\/541","targetHints":{"allow":["GET"]}}],"collection":[{"href":"https:\/\/www.philippeseguin.fr\/en\/wp-json\/wp\/v2\/pages"}],"about":[{"href":"https:\/\/www.philippeseguin.fr\/en\/wp-json\/wp\/v2\/types\/page"}],"author":[{"embeddable":true,"href":"https:\/\/www.philippeseguin.fr\/en\/wp-json\/wp\/v2\/users\/1"}],"replies":[{"embeddable":true,"href":"https:\/\/www.philippeseguin.fr\/en\/wp-json\/wp\/v2\/comments?post=541"}],"version-history":[{"count":67,"href":"https:\/\/www.philippeseguin.fr\/en\/wp-json\/wp\/v2\/pages\/541\/revisions"}],"predecessor-version":[{"id":2812,"href":"https:\/\/www.philippeseguin.fr\/en\/wp-json\/wp\/v2\/pages\/541\/revisions\/2812"}],"wp:attachment":[{"href":"https:\/\/www.philippeseguin.fr\/en\/wp-json\/wp\/v2\/media?parent=541"}],"curies":[{"name":"wp","href":"https:\/\/api.w.org\/{rel}","templated":true}]}}